{"id":11,"date":"2020-01-10T15:11:14","date_gmt":"2020-01-10T15:11:14","guid":{"rendered":"http:\/\/cafe-zeit-los-giessen.de\/?page_id=11"},"modified":"2026-03-30T17:33:36","modified_gmt":"2026-03-30T17:33:36","slug":"homepage","status":"publish","type":"page","link":"http:\/\/cafe-zeit-los-giessen.de\/","title":{"rendered":"Homepage"},"content":{"rendered":"<div id=\"pl-11\"  class=\"panel-layout\" ><div id=\"pg-11-0\"  class=\"panel-grid panel-no-style\" ><div id=\"pgc-11-0-0\"  class=\"panel-grid-cell\" ><div id=\"panel-11-0-0-0\" class=\"so-panel widget widget_headline-widget panel-first-child\" data-index=\"0\" ><div class=\"panel-widget-style panel-widget-style-for-11-0-0-0\" >\t\t<h1>Caf\u00e9 Zeit-los<\/h1>\n\t\t<div class=\"decoration\"><div class=\"decoration-inside\"><\/div><\/div>\n\t\t<h3>Sie finden das Cafe Zeit-los in einem der letzten Jugendstillh\u00e4user Gie\u00dfens - in unmittelbarer N\u00e4he zum Stadtzentrum: Bahnhofstra\u00dfe 50, 35390 Gie\u00dfen<\/h3>\n\t\t<\/div><\/div><div id=\"panel-11-0-0-1\" class=\"so-panel widget widget_metaslider_widget panel-last-child\" data-index=\"1\" ><div id=\"metaslider-id-46\" style=\"width: 100%;\" class=\"ml-slider-3-15-3 metaslider metaslider-flex metaslider-46 ml-slider\">\n    <div id=\"metaslider_container_46\">\n        <div id=\"metaslider_46\">\n            <ul aria-live=\"polite\" class=\"slides\">\n                <li style=\"display: block; width: 100%;\" class=\"slide-48 ms-image\"><img src=\"http:\/\/cafe-zeit-los-giessen.de\/wp-content\/uploads\/2020\/01\/261387_156700887818450_1053039116_n-540x231.jpg\" height=\"300\" width=\"700\" alt=\"\" class=\"slider-46 slide-48\" title=\"261387_156700887818450_1053039116_n\" \/><\/li>\n                <li style=\"display: none; width: 100%;\" class=\"slide-55 ms-image\"><img src=\"http:\/\/cafe-zeit-los-giessen.de\/wp-content\/uploads\/2020\/01\/26195769_892945990860599_4278193657035008970_n-700x300.jpg\" height=\"300\" width=\"700\" alt=\"\" class=\"slider-46 slide-55\" title=\"26195769_892945990860599_4278193657035008970_n\" \/><\/li>\n                <li style=\"display: none; width: 100%;\" class=\"slide-56 ms-image\"><img src=\"http:\/\/cafe-zeit-los-giessen.de\/wp-content\/uploads\/2020\/01\/Bildschirmfoto-2020-01-19-um-19.41.13-700x300.png\" height=\"300\" width=\"700\" alt=\"\" class=\"slider-46 slide-56\" title=\"Bildschirmfoto 2020-01-19 um 19.41.13\" \/><\/li>\n                <li style=\"display: none; width: 100%;\" class=\"slide-60 ms-image\"><img src=\"http:\/\/cafe-zeit-los-giessen.de\/wp-content\/uploads\/2020\/01\/Bildschirmfoto-2020-01-19-um-20.03.05-700x300.png\" height=\"300\" width=\"700\" alt=\"\" class=\"slider-46 slide-60\" title=\"Bildschirmfoto 2020-01-19 um 20.03.05\" \/><\/li>\n            <\/ul>\n        <\/div>\n        \n    <\/div>\n<\/div><\/div><\/div><\/div><div id=\"pg-11-1\"  class=\"panel-grid panel-no-style\" ><div id=\"pgc-11-1-0\"  class=\"panel-grid-cell\" ><div id=\"panel-11-1-0-0\" class=\"so-panel widget widget_circleicon-widget panel-first-child panel-last-child\" data-index=\"2\" >\t\t<div class=\"circle-icon-box circle-icon-position-top circle-icon-hide-box circle-icon-size-small \">\n\t\t\t\t\t\t\t<div class=\"circle-icon-wrapper\">\n\t\t\t\t\t<a href=\"?page_id=81\" class=\"link-icon\" >\t\t\t\t\t<div class=\"circle-icon\" >\n\t\t\t\t\t\t<div class=\"fa fa-pencil-square-o\" ><\/div>\t\t\t\t\t<\/div>\n\t\t\t\t\t<\/a>\t\t\t\t<\/div>\n\t\t\t\n\t\t\t<a href=\"?page_id=81\" class=\"link-title\" >\t\t\t<h4 >Veranstaltungen<\/h4>\t\t\t<\/a>\n\t\t\t<p class=\"text\" >Indischer Abend jeden Freitag von 17:00 bis 20:00 Uhr<\/p>\t\t\t\t\t\t\t<a href=\"?page_id=81\" class=\"more-button\" >Was steht an? <i><\/i><\/a>\n\t\t\t\t\t<\/div>\n\t\t<\/div><\/div><div id=\"pgc-11-1-1\"  class=\"panel-grid-cell\" ><div id=\"panel-11-1-1-0\" class=\"so-panel widget widget_circleicon-widget panel-first-child panel-last-child\" data-index=\"3\" >\t\t<div class=\"circle-icon-box circle-icon-position-top circle-icon-hide-box circle-icon-size-small \">\n\t\t\t\t\t\t\t<div class=\"circle-icon-wrapper\">\n\t\t\t\t\t<a href=\"?page_id=100\" class=\"link-icon\" >\t\t\t\t\t<div class=\"circle-icon\" >\n\t\t\t\t\t\t<div class=\"fa fa-check-circle-o\" ><\/div>\t\t\t\t\t<\/div>\n\t\t\t\t\t<\/a>\t\t\t\t<\/div>\n\t\t\t\n\t\t\t<a href=\"?page_id=100\" class=\"link-title\" >\t\t\t<h4 >Speisekarte<\/h4>\t\t\t<\/a>\n\t\t\t\t\t\t\t\t\t\t<a href=\"?page_id=100\" class=\"more-button\" >Mmmmmmmh ... <i><\/i><\/a>\n\t\t\t\t\t<\/div>\n\t\t<\/div><\/div><\/div><div id=\"pg-11-2\"  class=\"panel-grid panel-no-style\" ><div id=\"pgc-11-2-0\"  class=\"panel-grid-cell\" ><div id=\"panel-11-2-0-0\" class=\"so-panel widget widget_headline-widget panel-first-child panel-last-child\" data-index=\"4\" ><div class=\"panel-widget-style panel-widget-style-for-11-2-0-0\" >\t\t<h1>Sa,So und Feiertage*Seit 20 Jahren Kult-Brunch 8:30 Uhr bis13:30 Uhr 25,90\u20ac(von 8:30-10:30Uhr 19,90\u20ac NUR BEI ANGABE FR\u00dcHBRUNCHANGEBOT!!!   (NUR BARZAHLUNG M\u00d6GLICH!!!!!  <\/h1>\n\t\t<div class=\"decoration\"><div class=\"decoration-inside\"><\/div><\/div>\n\t\t<h3>Kurzer Brunch , ,  ab12 :30 Uhr nur 12,90\u20ac  NUR mit telefonischer Reservierung unter Angabe Sp\u00e4tbrunchangebot aus dem Internet<\/h3>\n\t\t<\/div><\/div><\/div><\/div><div id=\"pg-11-3\"  class=\"panel-grid panel-no-style\" ><div id=\"pgc-11-3-0\"  class=\"panel-grid-cell\" ><div id=\"panel-11-3-0-0\" class=\"so-panel widget widget_headline-widget panel-first-child panel-last-child\" data-index=\"5\" ><div class=\"panel-widget-style panel-widget-style-for-11-3-0-0\" >\t\t<h1>Jeden Samstag Familienfr\u00fchst\u00fcck  bzw Brunch  von  8:30 Uhr\u00b4bis 13:30 Uhr  24,90\u20ac von (8:30-10:00 Uhr  nur Uhr 16,90\u20ac(Aufenthaltsdauer muss genannt werden )  Kinder ab 5 Jahren  12,90\u20ac.\u20ac( mit grosser Carrerabahn und Spieleecke) Veganer bitte voranmelden.Nur mit telefonischer Voranmeldung<\/h1>\n\t\t<div class=\"decoration\"><div class=\"decoration-inside\"><\/div><\/div>\n\t\t<h3>Samstag und Sonntag unbedingt reservieren mit Uhrzeit Angabe und Angabe Alter der Kinder zwecks Hochst\u00fchle verf\u00fcgbarkeit!!!!!!!!<\/h3>\n\t\t<\/div><\/div><\/div><\/div><div id=\"pg-11-4\"  class=\"panel-grid panel-no-style\" ><div id=\"pgc-11-4-0\"  class=\"panel-grid-cell panel-grid-cell-empty\" ><\/div><\/div><div id=\"pg-11-5\"  class=\"panel-grid panel-no-style\" ><div id=\"pgc-11-5-0\"  class=\"panel-grid-cell\" ><div id=\"panel-11-5-0-0\" class=\"so-panel widget widget_headline-widget panel-first-child panel-last-child\" data-index=\"6\" ><div class=\"panel-widget-style panel-widget-style-for-11-5-0-0\" >\t\t<h1>f\u00fcr gr\u00f6ssere Gruppen Nachlass von 30% oder Geburtstagsgruppen besondere Angebote <\/h1>\n\t\t<div class=\"decoration\"><div class=\"decoration-inside\"><\/div><\/div>\n\t\t<h3>Jeden Samstag und Sonntag nur mit telefonischer Vorbestellung unter Angabe Website Angebot<\/h3>\n\t\t<\/div><\/div><\/div><\/div><div id=\"pg-11-6\"  class=\"panel-grid panel-no-style\" ><div id=\"pgc-11-6-0\"  class=\"panel-grid-cell\" ><div id=\"panel-11-6-0-0\" class=\"so-panel widget widget_headline-widget panel-first-child panel-last-child\" data-index=\"7\" ><div class=\"panel-widget-style panel-widget-style-for-11-6-0-0\" >\t\t<h1>Samstags-Familien-Fr\u00fchst\u00fccksbuffett mit grosser Spieleecke ,Brio Holzeisenbahntisch grosse Carrerabahn    Reservierung empfholen<\/h1>\n\t\t<div class=\"decoration\"><div class=\"decoration-inside\"><\/div><\/div>\n\t\t<h3>... f\u00fcr gro\u00df und klein (Achtung, vermehrt Familien ;). ... Samstags 8:30 Uhr<\/h3>\n\t\t<\/div><\/div><\/div><\/div><div id=\"pg-11-7\"  class=\"panel-grid panel-no-style\" ><div id=\"pgc-11-7-0\"  class=\"panel-grid-cell panel-grid-cell-empty\" ><\/div><div id=\"pgc-11-7-1\"  class=\"panel-grid-cell panel-grid-cell-empty\" ><\/div><div id=\"pgc-11-7-2\"  class=\"panel-grid-cell\" ><div id=\"panel-11-7-2-0\" class=\"so-panel widget widget_text panel-first-child panel-last-child\" data-index=\"8\" >\t\t\t<div class=\"textwidget\"><p>&nbsp;<\/p>\n<p><strong>\u00d6ffnungszeiten:<\/strong><\/p>\n<p>Montag \u00a0 \u00a0 \u00a0 \u00a0 \u00a0 \u00a0 \u00a0\u00a0 Ruhetag<\/p>\n<p>Dienstag \u00a0 \u00a0 \u00a0 \u00a0 \u00a0 \u00a0\u00a0 auf Anfrage<br \/>\nMittwoch \u00a0 \u00a0 \u00a0 \u00a0 \u00a0\u00a0 auf Anfrage<br \/>\nDonnerstag \u00a0 \u00a0 \u00a0 \u00a0 auf Anfrage<br \/>\nFreitag \u00a0 \u00a0 \u00a0 \u00a0 \u00a0 \u00a0 \u00a0 \u00a0 auf Anfrage<br \/>\nSamstag \u00a0 \u00a0 \u00a0 \u00a0 \u00a0 \u00a0\u00a0 09:00\u201316:00<br \/>\nSonntag \u00a0 \u00a0 \u00a0 \u00a0 \u00a0 \u00a0 \u00a0 09:00\u201317:00<\/p>\n<p>H\u00e4ufiger geschlossene Gesellschaften, Feiern, Parties, Live Musik, &#8230;<br \/>\n&#8230; am besten immer telefonisch reservieren!<\/p>\n<p>Das Cafe kann t\u00e4glich\u00a0 f\u00fcr Feste und Feiern gebucht werden! (auch f\u00fcr jegliche andere Events!!!!)<\/p>\n<\/div>\n\t\t<\/div><\/div><div id=\"pgc-11-7-3\"  class=\"panel-grid-cell panel-grid-cell-empty panel-grid-cell-mobile-last\" ><\/div><div id=\"pgc-11-7-4\"  class=\"panel-grid-cell panel-grid-cell-empty\" ><\/div><\/div><div id=\"pg-11-8\"  class=\"panel-grid panel-no-style\" ><div id=\"pgc-11-8-0\"  class=\"panel-grid-cell\" ><div id=\"panel-11-8-0-0\" class=\"so-panel widget widget_vantage-social-media panel-first-child panel-last-child\" data-index=\"9\" ><a class=\"social-media-icon social-media-icon-facebook social-media-icon-size-medium\" href=\"https:\/\/www.facebook.com\/Cafe-Zeit-los-154594591362413\/?epa=SEARCH_BOX\" title=\"Cafe Zeit-los Facebook\" ><span class=\"fa fa-facebook\"><\/span><\/a><\/div><\/div><\/div><\/div>","protected":false},"excerpt":{"rendered":"<p>Caf\u00e9 Zeit-los Sie finden das Cafe Zeit-los in einem der letzten Jugendstillh\u00e4user Gie\u00dfens &#8211; in unmittelbarer N\u00e4he zum Stadtzentrum: Bahnhofstra\u00dfe 50, 35390 Gie\u00dfen Veranstaltungen Indischer Abend jeden Freitag von 17:00 bis 20:00 Uhr Was steht an? Speisekarte Mmmmmmmh &#8230; Sa,So und Feiertage*Seit 20 Jahren Kult-Brunch 8:30 Uhr bis13:30 Uhr 25,90\u20ac(von 8:30-10:30Uhr 19,90\u20ac NUR BEI ANGABE [&hellip;]<\/p>\n","protected":false},"author":1,"featured_media":0,"parent":0,"menu_order":0,"comment_status":"closed","ping_status":"closed","template":"templates\/template-full.php","meta":[],"_links":{"self":[{"href":"http:\/\/cafe-zeit-los-giessen.de\/index.php?rest_route=\/wp\/v2\/pages\/11"}],"collection":[{"href":"http:\/\/cafe-zeit-los-giessen.de\/index.php?rest_route=\/wp\/v2\/pages"}],"about":[{"href":"http:\/\/cafe-zeit-los-giessen.de\/index.php?rest_route=\/wp\/v2\/types\/page"}],"author":[{"embeddable":true,"href":"http:\/\/cafe-zeit-los-giessen.de\/index.php?rest_route=\/wp\/v2\/users\/1"}],"replies":[{"embeddable":true,"href":"http:\/\/cafe-zeit-los-giessen.de\/index.php?rest_route=%2Fwp%2Fv2%2Fcomments&post=11"}],"version-history":[{"count":516,"href":"http:\/\/cafe-zeit-los-giessen.de\/index.php?rest_route=\/wp\/v2\/pages\/11\/revisions"}],"predecessor-version":[{"id":896,"href":"http:\/\/cafe-zeit-los-giessen.de\/index.php?rest_route=\/wp\/v2\/pages\/11\/revisions\/896"}],"wp:attachment":[{"href":"http:\/\/cafe-zeit-los-giessen.de\/index.php?rest_route=%2Fwp%2Fv2%2Fmedia&parent=11"}],"curies":[{"name":"wp","href":"https:\/\/api.w.org\/{rel}","templated":true}]}}